{"id":12,"date":"2020-10-25T18:57:19","date_gmt":"2020-10-25T18:57:19","guid":{"rendered":"http:\/\/comures.es\/?page_id=12"},"modified":"2025-10-26T19:10:59","modified_gmt":"2025-10-26T19:10:59","slug":"publicaciones","status":"publish","type":"page","link":"https:\/\/comures.es\/eng\/publicaciones\/","title":{"rendered":"Publications"},"content":{"rendered":"<p><div class=\"fusion-fullwidth fullwidth-box fusion-builder-row-1 fusion-flex-container nonhundred-percent-fullwidth non-hundred-percent-height-scrolling\" style=\"background-color: rgba(255,255,255,0);background-position: center center;background-repeat: no-repeat;border-width: 0px 0px 0px 0px;border-color:#e2e2e2;border-style:solid;\" ><div class=\"fusion-builder-row fusion-row fusion-flex-align-items-flex-start fusion-flex-justify-content-center\" style=\"max-width:1497.6px;margin-left: calc(-4% \/ 2 );margin-right: calc(-4% \/ 2 );\"><div class=\"fusion-layout-column fusion_builder_column fusion-builder-column-0 fusion_builder_column_3_5 3_5 fusion-flex-column fusion-animated\" data-animationtype=\"fadeInDown\" data-animationduration=\"1.6\" data-animationoffset=\"100%\"><div class=\"fusion-column-wrapper fusion-flex-justify-content-flex-start fusion-content-layout-column\" style=\"background-position:left top;background-repeat:no-repeat;-webkit-background-size:cover;-moz-background-size:cover;-o-background-size:cover;background-size:cover;padding: 0px 0px 0px 0px;\"><style type=\"text\/css\">@media only screen and (max-width:1024px) {.fusion-title.fusion-title-1{margin-top:10px!important;margin-bottom:15px!important;}}@media only screen and (max-width:640px) {.fusion-title.fusion-title-1{margin-top:10px!important;margin-bottom:10px!important;}}<\/style><div class=\"fusion-title title fusion-title-1 fusion-sep-none fusion-title-center fusion-title-text fusion-title-size-one\" style=\"margin-top:10px;margin-bottom:15px;\"><h1 class=\"title-heading-center\" style=\"margin:0;\">Publications<\/h1><\/div><div class=\"fusion-text fusion-text-1\" style=\"text-align:center;font-size:30px;line-height:1.4em;letter-spacing:-0.02em;\"><p>Use the search bar to easily find the publication you are looking for. Unfortunately, the majority of our publications are only available in spanish.<\/p>\n<\/div><style type=\"text\/css\">.fusion-search-element-1 .searchform .fusion-search-form-content .fusion-search-field input,.fusion-search-element-1 .searchform .fusion-search-form-content .fusion-search-button input[type=submit] {height: 50px;}.fusion-search-element-1 .searchform .fusion-search-form-content .fusion-search-button input[type=submit] {line-height: 50px;}.fusion-search-element-1.fusion-search-form-clean .searchform .fusion-search-form-content .fusion-search-field input {padding-left: 50px;}.fusion-search-element-1 .searchform .fusion-search-form-content .fusion-search-button input[type=submit] {width: 50px;}.fusion-search-element-1 .searchform .fusion-search-form-content .fusion-search-field input,.fusion-search-element-1 .searchform .fusion-search-form-content .fusion-search-field input::placeholder,.fusion-search-element-1.fusion-search-form-clean .searchform .fusion-search-form-content .fusion-search-button input[type=submit] {color: #9ea0a4;}.fusion-search-element-1 .searchform .fusion-search-form-content .fusion-search-field input:focus {border-color: #65bc7b;}.fusion-search-element-1 .searchform .fusion-search-form-content .fusion-search-field input,.fusion-search-element-1.fusion-search-form-clean .searchform .fusion-search-form-content .fusion-search-button input[type=submit] {font-size: 16px;}.fusion-search-element-1 .searchform .fusion-search-form-content .fusion-search-field input {background-color: #ffffff;border-color: #e2e2e2;}.fusion-search-element-1 .searchform.fusion-search-form-classic .fusion-search-form-content, .fusion-search-form-classic .searchform:not(.fusion-search-form-clean) .fusion-search-form-content {border-radius: 6px;overflow: hidden;}.fusion-search-element-1 .fusion-search-form-content input.s {border-radius: 6px;}<\/style><div class=\"fusion-search-element fusion-search-element-1 fusion-search-form-clean\" style=\"margin-top:16px;margin-right:6%;margin-left:6%;\">\t\t<form role=\"search\" class=\"searchform fusion-search-form  fusion-live-search fusion-search-form-clean\" method=\"get\" action=\"https:\/\/comures.es\/eng\/\" data-trp-original-action=\"https:\/\/comures.es\/eng\/\">\n\t\t\t<div class=\"fusion-search-form-content\">\n\n\t\t\t\t\n\t\t\t\t<div class=\"fusion-search-field search-field\">\n\t\t\t\t\t<label><span class=\"screen-reader-text\">Search for:<\/span>\n\t\t\t\t\t\t\t\t\t\t\t\t\t<input type=\"search\" class=\"s fusion-live-search-input\" name=\"s\" id=\"fusion-live-search-input\" autocomplete=\"off\" placeholder=\"Search...\" required aria-required=\"true\" aria-label=\"Search...\"\/>\n\t\t\t\t\t\t\t\t\t\t\t<\/label>\n\t\t\t\t<\/div>\n\t\t\t\t<div class=\"fusion-search-button search-button\">\n\t\t\t\t\t<input type=\"submit\" class=\"fusion-search-submit searchsubmit\" aria-label=\"Search\" value=\"&#xf002;\" \/>\n\t\t\t\t\t\t\t\t\t\t<div class=\"fusion-slider-loading\"><\/div>\n\t\t\t\t\t\t\t\t\t<\/div>\n\n\t\t\t\t<input type=\"hidden\" name=\"post_type[]\" value=\"any\" \/><input type=\"hidden\" name=\"fs\" value=\"1\" \/>\n\t\t\t<\/div>\n\n\n\t\t\t\t\t\t\t<div class=\"fusion-search-results-wrapper\"><div class=\"fusion-search-results\"><\/div><\/div>\n\t\t\t\n\t\t<input type=\"hidden\" name=\"trp-form-language\" value=\"eng\"\/><\/form>\n\t\t<\/div><\/div><\/div><style type=\"text\/css\">.fusion-body .fusion-builder-column-0{width:60% !important;margin-top : 0px;margin-bottom : 20px;}.fusion-builder-column-0 > .fusion-column-wrapper {padding-top : 0px !important;padding-right : 0px !important;margin-right : 3.2%;padding-bottom : 0px !important;padding-left : 0px !important;margin-left : 3.2%;}@media only screen and (max-width:1024px) {.fusion-body .fusion-builder-column-0{width:80% !important;margin-bottom : 48px;}.fusion-builder-column-0 > .fusion-column-wrapper {margin-right : 2.4%;margin-left : 2.4%;}}@media only screen and (max-width:640px) {.fusion-body .fusion-builder-column-0{width:100% !important;margin-bottom : 20px;}.fusion-builder-column-0 > .fusion-column-wrapper {margin-right : 1.92%;margin-left : 1.92%;}}<\/style><\/div><style type=\"text\/css\">.fusion-body .fusion-flex-container.fusion-builder-row-1{ padding-top : 60px;margin-top : 0px;padding-right : 0px;padding-bottom : 64px;margin-bottom : 0px;padding-left : 0px;}@media only screen and (max-width:1024px) {.fusion-body .fusion-flex-container.fusion-builder-row-1{ padding-top : 36px;padding-bottom : 20px;}}@media only screen and (max-width:640px) {.fusion-body .fusion-flex-container.fusion-builder-row-1{ padding-top : 20px;padding-bottom : 20px;}}<\/style><\/div><div class=\"fusion-fullwidth fullwidth-box fusion-builder-row-2 fusion-flex-container nonhundred-percent-fullwidth non-hundred-percent-height-scrolling\" style=\"background-color: rgba(255,255,255,0);background-position: center center;background-repeat: no-repeat;border-width: 0px 0px 0px 0px;border-color:#e2e2e2;border-style:solid;\" ><div class=\"fusion-builder-row fusion-row fusion-flex-align-items-flex-start\" style=\"max-width:1497.6px;margin-left: calc(-4% \/ 2 );margin-right: calc(-4% \/ 2 );\"><div class=\"fusion-layout-column fusion_builder_column fusion-builder-column-1 fusion_builder_column_1_1 1_1 fusion-flex-column\"><div class=\"fusion-column-wrapper fusion-flex-justify-content-flex-start fusion-content-layout-column\" style=\"background-position:left top;background-repeat:no-repeat;-webkit-background-size:cover;-moz-background-size:cover;-o-background-size:cover;background-size:cover;padding: 0px 0px 0px 0px;\"><div class=\"fusion-blog-shortcode fusion-blog-shortcode-1 fusion-blog-archive fusion-blog-layout-grid-wrapper fusion-blog-infinite\"><style type=\"text\/css\">.fusion-blog-shortcode-1 .fusion-blog-layout-grid .fusion-post-grid{padding:20px;}.fusion-blog-shortcode-1 .fusion-posts-container{margin-left: -20px !important; margin-right:-20px !important;}<\/style><div class=\"fusion-posts-container fusion-posts-container-infinite fusion-blog-rollover fusion-blog-layout-grid fusion-blog-layout-grid-3 isotope fusion-blog-equal-heights\" data-pages=\"1\" data-grid-col-space=\"40\" style=\"margin: -20px -20px 0;min-height:500px;\"><article id=\"blog-1-post-566\" class=\"fusion-post-grid post-566 post type-post status-publish format-standard has-post-thumbnail hentry category-publicaciones tag-cambios-de-actividad-comercial tag-estrategias-ante-la-gentrificacion tag-gentrificacion tag-movimientos-sociales tag-turistificacion\">\n<div class=\"fusion-post-wrapper\" style=\"background-color:rgba(255,255,255,0);border:1px solid #f2f3f5;border-bottom-width:3px;\">\n\n\t\t\t<div class=\"fusion-flexslider flexslider fusion-flexslider-loading fusion-post-slideshow\" style=\"border-color:#f2f3f5;\">\n\t\t<ul class=\"slides\">\n\t\t\t\n\t\t\t\t\t\t\t\t\t\t\t\t\t\t<li>\n\n<div  class=\"fusion-image-wrapper\" aria-haspopup=\"true\">\n\t\n\t\n\t\t\n\t\t\t\t\t<img decoding=\"async\" width=\"516\" height=\"696\" src=\"https:\/\/comures.es\/wp-content\/uploads\/2021\/06\/Screen-Shot-2021-06-17-at-13.55.10.png\" class=\"attachment-full size-full wp-post-image\" alt=\"\" srcset=\"https:\/\/comures.es\/wp-content\/uploads\/2021\/06\/Screen-Shot-2021-06-17-at-13.55.10-200x270.png 200w, https:\/\/comures.es\/wp-content\/uploads\/2021\/06\/Screen-Shot-2021-06-17-at-13.55.10-400x540.png 400w, https:\/\/comures.es\/wp-content\/uploads\/2021\/06\/Screen-Shot-2021-06-17-at-13.55.10.png 516w\" sizes=\"(min-width: 2200px) 100vw, (min-width: 784px) 453px, (min-width: 712px) 680px, (min-width: 640px) 712px, \" \/>\n\t\n\n\t\t<div class=\"fusion-rollover\">\n\t<div class=\"fusion-rollover-content\">\n\n\t\t\t\t\t\t\t\t\t\t\t\t\t\t<a class=\"fusion-rollover-link\" href=\"https:\/\/comures.es\/eng\/gentrificacion-y-turistificacion-dinamicas-y-estrategias-en-barcelona\/\">Gentrificaci\u00f3n y turistificaci\u00f3n: din\u00e1micas y estrategias en Barcelona<\/a>\n\t\t\t\n\t\t\t\t\t\t\t\t\t\t\t\t\t\t\n\t\t\t\t\t\t\t\t\n\t\t\t\t\t\t\t\t\t\t\t\t\t<div class=\"fusion-rollover-sep\"><\/div>\n\t\t\t\t\n\t\t\t\t\t\t\t\t\t\t\t\t\t\t\t\t\t\t<a class=\"fusion-rollover-gallery\" href=\"https:\/\/comures.es\/wp-content\/uploads\/2021\/06\/Screen-Shot-2021-06-17-at-13.55.10.png\" data-id=\"566\" data-rel=\"iLightbox[gallery]\" data-title=\"Screen Shot 2021-06-17 at 13.55.10\" data-caption=\"\">\n\t\t\t\t\t\tGallery\t\t\t\t\t<\/a>\n\t\t\t\t\t\t\t\t\t\t\t\t\t\t\n\t\t\t\t\n\t\t\t\t\t\t\t\t\t\t\t\t<h4 class=\"fusion-rollover-title\">\n\t\t\t\t\t<a class=\"fusion-rollover-title-link\" href=\"https:\/\/comures.es\/eng\/gentrificacion-y-turistificacion-dinamicas-y-estrategias-en-barcelona\/\">\n\t\t\t\t\t\tGentrificaci\u00f3n y turistificaci\u00f3n: din\u00e1micas y estrategias en Barcelona\t\t\t\t\t<\/a>\n\t\t\t\t<\/h4>\n\t\t\t\n\t\t\t\t\t\t\t\t\t\t\t\t\t\t<div class=\"fusion-rollover-categories\"><a href=\"https:\/\/comures.es\/eng\/category\/publicaciones\/\" rel=\"tag\">Publications<\/a><\/div>\t\t\t\t\t\n\t\t\n\t\t\t\t<a class=\"fusion-link-wrapper\" href=\"https:\/\/comures.es\/eng\/gentrificacion-y-turistificacion-dinamicas-y-estrategias-en-barcelona\/\" aria-label=\"Gentrificaci\u00f3n y turistificaci\u00f3n: din\u00e1micas y estrategias en Barcelona\"><\/a>\n\t<\/div>\n<\/div>\n\n\t\n<\/div>\n<\/li>\n\t\t\t\n\t\t\t\n\t\t\t\t\t\t\t\t\t\t\t\t\t\t\t\t\t\t\t\t\t\t\t\t\t\t\t\t\t\t\t\t\t\t\t\t\t\t\t\t\t\t\t\t\t\t\t\t\t\t\t\t\t\t\t\t\t\t\t\t\t\t\t\t\t\t\t\t<\/ul>\n\t<\/div>\n\t<div class=\"fusion-post-content-wrapper\" style=\"padding:30px 25px 25px 25px;\"><div class=\"fusion-post-content post-content\"><h2 class=\"blog-shortcode-post-title entry-title\"><a href=\"https:\/\/comures.es\/eng\/gentrificacion-y-turistificacion-dinamicas-y-estrategias-en-barcelona\/\">Gentrificaci\u00f3n y turistificaci\u00f3n: din\u00e1micas y estrategias en Barcelona<\/a><\/h2><p class=\"fusion-single-line-meta\"><span class=\"vcard\" style=\"display: none;\"><span class=\"fn\"><a href=\"https:\/\/comures.es\/eng\/author\/pleenhou\/\" title=\"Posts by Paola Leenhouts\" rel=\"author\">Paola Leenhouts<\/a><\/span><\/span><span class=\"updated\" style=\"display:none;\">2021-06-17T11:59:27+00:00<\/span><span>15 de June de 2021<\/span><span class=\"fusion-inline-sep\">|<\/span><\/p><div class=\"fusion-content-sep sep-none\" style=\"border-color:#e2e2e2;\"><\/div><div class=\"fusion-post-content-container\"><p>T\u00edtulo: Gentrificaci\u00f3n y turistificaci\u00f3n: din\u00e1micas y estrategias en Barcelona Autoras: Cristina L\u00f3pez-Villanueva (UAB) &amp; Montserrat Crespi-Vallbona (UAB) A\u00f1o: 2021 Resumen La gentrificaci\u00f3n como proceso de transformaci\u00f3n urbana de barrios de clases populares forma parte de la din\u00e1mica de un gran n\u00famero de ciudades, especialmente en aquellas que adem\u00e1s cuentan con un potente atractivo tur\u00edstico. Los procesos asociados a la gentrificaci\u00f3n no siguen las mismas pautas en los distintos espacios de la ciudad y muestran procesos diferenciales en sus din\u00e1micas y  [...]<\/p><\/div><\/div><div class=\"fusion-meta-info\"><div class=\"fusion-alignleft\"><a class=\"fusion-read-more\" href=\"https:\/\/comures.es\/eng\/gentrificacion-y-turistificacion-dinamicas-y-estrategias-en-barcelona\/\" aria-label=\"More on Gentrificaci\u00f3n y turistificaci\u00f3n: din\u00e1micas y estrategias en Barcelona\">Read More<\/a><\/div><\/div><\/div><div class=\"fusion-clearfix\"><\/div><\/div>\n<\/article>\n<article id=\"blog-1-post-563\" class=\"fusion-post-grid post-563 post type-post status-publish format-standard has-post-thumbnail hentry category-publicaciones tag-cambio-social tag-ciudades tag-dimension-espacial tag-sociologia-urbana\">\n<div class=\"fusion-post-wrapper\" style=\"background-color:rgba(255,255,255,0);border:1px solid #f2f3f5;border-bottom-width:3px;\">\n\n\t\t\t<div class=\"fusion-flexslider flexslider fusion-flexslider-loading fusion-post-slideshow\" style=\"border-color:#f2f3f5;\">\n\t\t<ul class=\"slides\">\n\t\t\t\n\t\t\t\t\t\t\t\t\t\t\t\t\t\t<li>\n\n<div  class=\"fusion-image-wrapper\" aria-haspopup=\"true\">\n\t\n\t\n\t\t\n\t\t\t\t\t<img decoding=\"async\" width=\"514\" height=\"701\" src=\"https:\/\/comures.es\/wp-content\/uploads\/2021\/06\/Screen-Shot-2021-06-15-at-13.03.22.png\" class=\"attachment-full size-full wp-post-image\" alt=\"\" srcset=\"https:\/\/comures.es\/wp-content\/uploads\/2021\/06\/Screen-Shot-2021-06-15-at-13.03.22-200x273.png 200w, https:\/\/comures.es\/wp-content\/uploads\/2021\/06\/Screen-Shot-2021-06-15-at-13.03.22-400x546.png 400w, https:\/\/comures.es\/wp-content\/uploads\/2021\/06\/Screen-Shot-2021-06-15-at-13.03.22.png 514w\" sizes=\"(min-width: 2200px) 100vw, (min-width: 784px) 453px, (min-width: 712px) 680px, (min-width: 640px) 712px, \" \/>\n\t\n\n\t\t<div class=\"fusion-rollover\">\n\t<div class=\"fusion-rollover-content\">\n\n\t\t\t\t\t\t\t\t\t\t\t\t\t\t<a class=\"fusion-rollover-link\" href=\"https:\/\/comures.es\/eng\/procesos-sociales-sociologia-de-la-diferencia-y-configuraciones-urbanas-una-conversacion-con-jesus-leal-maldonado\/\">Procesos sociales, sociolog\u00eda de la diferencia y configuraciones urbanas. Una conversaci\u00f3n con Jes\u00fas Leal Maldonado<\/a>\n\t\t\t\n\t\t\t\t\t\t\t\t\t\t\t\t\t\t\n\t\t\t\t\t\t\t\t\n\t\t\t\t\t\t\t\t\t\t\t\t\t<div class=\"fusion-rollover-sep\"><\/div>\n\t\t\t\t\n\t\t\t\t\t\t\t\t\t\t\t\t\t\t\t\t\t\t<a class=\"fusion-rollover-gallery\" href=\"https:\/\/comures.es\/wp-content\/uploads\/2021\/06\/Screen-Shot-2021-06-15-at-13.03.22.png\" data-id=\"563\" data-rel=\"iLightbox[gallery]\" data-title=\"Screen Shot 2021-06-15 at 13.03.22\" data-caption=\"\">\n\t\t\t\t\t\tGallery\t\t\t\t\t<\/a>\n\t\t\t\t\t\t\t\t\t\t\t\t\t\t\n\t\t\t\t\n\t\t\t\t\t\t\t\t\t\t\t\t<h4 class=\"fusion-rollover-title\">\n\t\t\t\t\t<a class=\"fusion-rollover-title-link\" href=\"https:\/\/comures.es\/eng\/procesos-sociales-sociologia-de-la-diferencia-y-configuraciones-urbanas-una-conversacion-con-jesus-leal-maldonado\/\">\n\t\t\t\t\t\tProcesos sociales, sociolog\u00eda de la diferencia y configuraciones urbanas. Una conversaci\u00f3n con Jes\u00fas Leal Maldonado\t\t\t\t\t<\/a>\n\t\t\t\t<\/h4>\n\t\t\t\n\t\t\t\t\t\t\t\t\t\t\t\t\t\t<div class=\"fusion-rollover-categories\"><a href=\"https:\/\/comures.es\/eng\/category\/publicaciones\/\" rel=\"tag\">Publications<\/a><\/div>\t\t\t\t\t\n\t\t\n\t\t\t\t<a class=\"fusion-link-wrapper\" href=\"https:\/\/comures.es\/eng\/procesos-sociales-sociologia-de-la-diferencia-y-configuraciones-urbanas-una-conversacion-con-jesus-leal-maldonado\/\" aria-label=\"Procesos sociales, sociolog\u00eda de la diferencia y configuraciones urbanas. Una conversaci\u00f3n con Jes\u00fas Leal Maldonado\"><\/a>\n\t<\/div>\n<\/div>\n\n\t\n<\/div>\n<\/li>\n\t\t\t\n\t\t\t\n\t\t\t\t\t\t\t\t\t\t\t\t\t\t\t\t\t\t\t\t\t\t\t\t\t\t\t\t\t\t\t\t\t\t\t\t\t\t\t\t\t\t\t\t\t\t\t\t\t\t\t\t\t\t\t\t\t\t\t\t\t\t\t\t\t\t\t\t<\/ul>\n\t<\/div>\n\t<div class=\"fusion-post-content-wrapper\" style=\"padding:30px 25px 25px 25px;\"><div class=\"fusion-post-content post-content\"><h2 class=\"blog-shortcode-post-title entry-title\"><a href=\"https:\/\/comures.es\/eng\/procesos-sociales-sociologia-de-la-diferencia-y-configuraciones-urbanas-una-conversacion-con-jesus-leal-maldonado\/\">Procesos sociales, sociolog\u00eda de la diferencia y configuraciones urbanas. Una conversaci\u00f3n con Jes\u00fas Leal Maldonado<\/a><\/h2><p class=\"fusion-single-line-meta\"><span class=\"vcard\" style=\"display: none;\"><span class=\"fn\"><a href=\"https:\/\/comures.es\/eng\/author\/pleenhou\/\" title=\"Posts by Paola Leenhouts\" rel=\"author\">Paola Leenhouts<\/a><\/span><\/span><span class=\"updated\" style=\"display:none;\">2021-06-15T11:18:14+00:00<\/span><span>15 de June de 2021<\/span><span class=\"fusion-inline-sep\">|<\/span><\/p><div class=\"fusion-content-sep sep-none\" style=\"border-color:#e2e2e2;\"><\/div><div class=\"fusion-post-content-container\"><p>T\u00edtulo: Procesos sociales, sociolog\u00eda de la diferencia y configuraciones urbanas. Una conversaci\u00f3n con Jes\u00fas Leal Maldonado Autores: Jes\u00fas Leal Maldonado (UCM) &amp; Antonio Echaves-Garc\u00eda (Universidad de Sevilla) A\u00f1o: 2021 Resumen En esta entrevista, y de la mano del profesor Jes\u00fas Leal, nos aproximamos a la comprensi\u00f3n de las sociedades urbanas y al proceso de formaci\u00f3n y evoluci\u00f3n de la Sociolog\u00eda Urbana en Espa\u00f1a, proceso del que adem\u00e1s es protagonista principal. Una conversaci\u00f3n en la que el profesor Leal hace un  [...]<\/p><\/div><\/div><div class=\"fusion-meta-info\"><div class=\"fusion-alignleft\"><a class=\"fusion-read-more\" href=\"https:\/\/comures.es\/eng\/procesos-sociales-sociologia-de-la-diferencia-y-configuraciones-urbanas-una-conversacion-con-jesus-leal-maldonado\/\" aria-label=\"More on Procesos sociales, sociolog\u00eda de la diferencia y configuraciones urbanas. Una conversaci\u00f3n con Jes\u00fas Leal Maldonado\">Read More<\/a><\/div><\/div><\/div><div class=\"fusion-clearfix\"><\/div><\/div>\n<\/article>\n<article id=\"blog-1-post-559\" class=\"fusion-post-grid post-559 post type-post status-publish format-standard has-post-thumbnail hentry category-publicaciones tag-desterritorializacion tag-madrid tag-transmigrantes tag-transnacionalizacion tag-vivienda\">\n<div class=\"fusion-post-wrapper\" style=\"background-color:rgba(255,255,255,0);border:1px solid #f2f3f5;border-bottom-width:3px;\">\n\n\t\t\t<div class=\"fusion-flexslider flexslider fusion-flexslider-loading fusion-post-slideshow\" style=\"border-color:#f2f3f5;\">\n\t\t<ul class=\"slides\">\n\t\t\t\n\t\t\t\t\t\t\t\t\t\t\t\t\t\t<li>\n\n<div  class=\"fusion-image-wrapper\" aria-haspopup=\"true\">\n\t\n\t\n\t\t\n\t\t\t\t\t<img decoding=\"async\" width=\"513\" height=\"703\" src=\"https:\/\/comures.es\/wp-content\/uploads\/2021\/06\/Screen-Shot-2021-06-15-at-12.58.58.png\" class=\"attachment-full size-full wp-post-image\" alt=\"\" srcset=\"https:\/\/comures.es\/wp-content\/uploads\/2021\/06\/Screen-Shot-2021-06-15-at-12.58.58-200x274.png 200w, https:\/\/comures.es\/wp-content\/uploads\/2021\/06\/Screen-Shot-2021-06-15-at-12.58.58-400x548.png 400w, https:\/\/comures.es\/wp-content\/uploads\/2021\/06\/Screen-Shot-2021-06-15-at-12.58.58.png 513w\" sizes=\"(min-width: 2200px) 100vw, (min-width: 784px) 453px, (min-width: 712px) 680px, (min-width: 640px) 712px, \" \/>\n\t\n\n\t\t<div class=\"fusion-rollover\">\n\t<div class=\"fusion-rollover-content\">\n\n\t\t\t\t\t\t\t\t\t\t\t\t\t\t<a class=\"fusion-rollover-link\" href=\"https:\/\/comures.es\/eng\/los-hogares-como-espacios-de-arraigo-y-sus-transformaciones-en-un-contexto-global\/\">Los hogares como espacios de arraigo y sus transformaciones en un contexto global<\/a>\n\t\t\t\n\t\t\t\t\t\t\t\t\t\t\t\t\t\t\n\t\t\t\t\t\t\t\t\n\t\t\t\t\t\t\t\t\t\t\t\t\t<div class=\"fusion-rollover-sep\"><\/div>\n\t\t\t\t\n\t\t\t\t\t\t\t\t\t\t\t\t\t\t\t\t\t\t<a class=\"fusion-rollover-gallery\" href=\"https:\/\/comures.es\/wp-content\/uploads\/2021\/06\/Screen-Shot-2021-06-15-at-12.58.58.png\" data-id=\"559\" data-rel=\"iLightbox[gallery]\" data-title=\"Screen Shot 2021-06-15 at 12.58.58\" data-caption=\"\">\n\t\t\t\t\t\tGallery\t\t\t\t\t<\/a>\n\t\t\t\t\t\t\t\t\t\t\t\t\t\t\n\t\t\t\t\n\t\t\t\t\t\t\t\t\t\t\t\t<h4 class=\"fusion-rollover-title\">\n\t\t\t\t\t<a class=\"fusion-rollover-title-link\" href=\"https:\/\/comures.es\/eng\/los-hogares-como-espacios-de-arraigo-y-sus-transformaciones-en-un-contexto-global\/\">\n\t\t\t\t\t\tLos hogares como espacios de arraigo y sus transformaciones en un contexto global\t\t\t\t\t<\/a>\n\t\t\t\t<\/h4>\n\t\t\t\n\t\t\t\t\t\t\t\t\t\t\t\t\t\t<div class=\"fusion-rollover-categories\"><a href=\"https:\/\/comures.es\/eng\/category\/publicaciones\/\" rel=\"tag\">Publications<\/a><\/div>\t\t\t\t\t\n\t\t\n\t\t\t\t<a class=\"fusion-link-wrapper\" href=\"https:\/\/comures.es\/eng\/los-hogares-como-espacios-de-arraigo-y-sus-transformaciones-en-un-contexto-global\/\" aria-label=\"Los hogares como espacios de arraigo y sus transformaciones en un contexto global\"><\/a>\n\t<\/div>\n<\/div>\n\n\t\n<\/div>\n<\/li>\n\t\t\t\n\t\t\t\n\t\t\t\t\t\t\t\t\t\t\t\t\t\t\t\t\t\t\t\t\t\t\t\t\t\t\t\t\t\t\t\t\t\t\t\t\t\t\t\t\t\t\t\t\t\t\t\t\t\t\t\t\t\t\t\t\t\t\t\t\t\t\t\t\t\t\t\t<\/ul>\n\t<\/div>\n\t<div class=\"fusion-post-content-wrapper\" style=\"padding:30px 25px 25px 25px;\"><div class=\"fusion-post-content post-content\"><h2 class=\"blog-shortcode-post-title entry-title\"><a href=\"https:\/\/comures.es\/eng\/los-hogares-como-espacios-de-arraigo-y-sus-transformaciones-en-un-contexto-global\/\">Los hogares como espacios de arraigo y sus transformaciones en un contexto global<\/a><\/h2><p class=\"fusion-single-line-meta\"><span class=\"vcard\" style=\"display: none;\"><span class=\"fn\"><a href=\"https:\/\/comures.es\/eng\/author\/pleenhou\/\" title=\"Posts by Paola Leenhouts\" rel=\"author\">Paola Leenhouts<\/a><\/span><\/span><span class=\"updated\" style=\"display:none;\">2021-06-15T10:59:34+00:00<\/span><span>15 de June de 2021<\/span><span class=\"fusion-inline-sep\">|<\/span><\/p><div class=\"fusion-content-sep sep-none\" style=\"border-color:#e2e2e2;\"><\/div><div class=\"fusion-post-content-container\"><p>T\u00edtulo: Los hogares como espacios de arraigo y sus transformaciones en un contexto global Autoras: Margarita Bara\u00f1ano Cid (UCM) A\u00f1o: 2021 Resumen Los hogares, en tanto lugares de arraigo y apego, han sido abordados en su condici\u00f3n de espacios vividos y como lugar de lo propio. Pero, en un contexto de extrema fluidez e hiperflexibilidad de lo espaciotemporal, caracterizado por aceleradas recomposiciones transnacionales y translocales \u00bfc\u00f3mo se configuran los hogares? Y, en concreto \u00bfc\u00f3mo se articulan los hogares de los  [...]<\/p><\/div><\/div><div class=\"fusion-meta-info\"><div class=\"fusion-alignleft\"><a class=\"fusion-read-more\" href=\"https:\/\/comures.es\/eng\/los-hogares-como-espacios-de-arraigo-y-sus-transformaciones-en-un-contexto-global\/\" aria-label=\"More on Los hogares como espacios de arraigo y sus transformaciones en un contexto global\">Read More<\/a><\/div><\/div><\/div><div class=\"fusion-clearfix\"><\/div><\/div>\n<\/article>\n<article id=\"blog-1-post-547\" class=\"fusion-post-grid post-547 post type-post status-publish format-standard has-post-thumbnail hentry category-publicaciones tag-fragmentacion tag-madrid tag-multiculturalidad tag-precarizacion tag-publicacion tag-redes tag-vivienda\">\n<div class=\"fusion-post-wrapper\" style=\"background-color:rgba(255,255,255,0);border:1px solid #f2f3f5;border-bottom-width:3px;\">\n\n\t\t\t<div class=\"fusion-flexslider flexslider fusion-flexslider-loading fusion-post-slideshow\" style=\"border-color:#f2f3f5;\">\n\t\t<ul class=\"slides\">\n\t\t\t\n\t\t\t\t\t\t\t\t\t\t\t\t\t\t<li>\n\n<div  class=\"fusion-image-wrapper\" aria-haspopup=\"true\">\n\t\n\t\n\t\t\n\t\t\t\t\t<img decoding=\"async\" width=\"498\" height=\"691\" src=\"https:\/\/comures.es\/wp-content\/uploads\/2021\/05\/Screen-Shot-2021-05-20-at-10.22.23.png\" class=\"attachment-full size-full wp-post-image\" alt=\"\" srcset=\"https:\/\/comures.es\/wp-content\/uploads\/2021\/05\/Screen-Shot-2021-05-20-at-10.22.23-200x278.png 200w, https:\/\/comures.es\/wp-content\/uploads\/2021\/05\/Screen-Shot-2021-05-20-at-10.22.23-400x555.png 400w, https:\/\/comures.es\/wp-content\/uploads\/2021\/05\/Screen-Shot-2021-05-20-at-10.22.23.png 498w\" sizes=\"(min-width: 2200px) 100vw, (min-width: 784px) 453px, (min-width: 712px) 680px, (min-width: 640px) 712px, \" \/>\n\t\n\n\t\t<div class=\"fusion-rollover\">\n\t<div class=\"fusion-rollover-content\">\n\n\t\t\t\t\t\t\t\t\t\t\t\t\t\t<a class=\"fusion-rollover-link\" href=\"https:\/\/comures.es\/eng\/547-2\/\">Efectos del abandono de las pol\u00edticas p\u00fablicas de vivienda en barrios populares y multiculturales<\/a>\n\t\t\t\n\t\t\t\t\t\t\t\t\t\t\t\t\t\t\n\t\t\t\t\t\t\t\t\n\t\t\t\t\t\t\t\t\t\t\t\t\t<div class=\"fusion-rollover-sep\"><\/div>\n\t\t\t\t\n\t\t\t\t\t\t\t\t\t\t\t\t\t\t\t\t\t\t<a class=\"fusion-rollover-gallery\" href=\"https:\/\/comures.es\/wp-content\/uploads\/2021\/05\/Screen-Shot-2021-05-20-at-10.22.23.png\" data-id=\"547\" data-rel=\"iLightbox[gallery]\" data-title=\"Portada art\u00edculo\" data-caption=\"\">\n\t\t\t\t\t\tGallery\t\t\t\t\t<\/a>\n\t\t\t\t\t\t\t\t\t\t\t\t\t\t\n\t\t\t\t\n\t\t\t\t\t\t\t\t\t\t\t\t<h4 class=\"fusion-rollover-title\">\n\t\t\t\t\t<a class=\"fusion-rollover-title-link\" href=\"https:\/\/comures.es\/eng\/547-2\/\">\n\t\t\t\t\t\tEfectos del abandono de las pol\u00edticas p\u00fablicas de vivienda en barrios populares y multiculturales\t\t\t\t\t<\/a>\n\t\t\t\t<\/h4>\n\t\t\t\n\t\t\t\t\t\t\t\t\t\t\t\t\t\t<div class=\"fusion-rollover-categories\"><a href=\"https:\/\/comures.es\/eng\/category\/publicaciones\/\" rel=\"tag\">Publications<\/a><\/div>\t\t\t\t\t\n\t\t\n\t\t\t\t<a class=\"fusion-link-wrapper\" href=\"https:\/\/comures.es\/eng\/547-2\/\" aria-label=\"Efectos del abandono de las pol\u00edticas p\u00fablicas de vivienda en barrios populares y multiculturales\"><\/a>\n\t<\/div>\n<\/div>\n\n\t\n<\/div>\n<\/li>\n\t\t\t\n\t\t\t\n\t\t\t\t\t\t\t\t\t\t\t\t\t\t\t\t\t\t\t\t\t\t\t\t\t\t\t\t\t\t\t\t\t\t\t\t\t\t\t\t\t\t\t\t\t\t\t\t\t\t\t\t\t\t\t\t\t\t\t\t\t\t\t\t\t\t\t\t<\/ul>\n\t<\/div>\n\t<div class=\"fusion-post-content-wrapper\" style=\"padding:30px 25px 25px 25px;\"><div class=\"fusion-post-content post-content\"><h2 class=\"blog-shortcode-post-title entry-title\"><a href=\"https:\/\/comures.es\/eng\/547-2\/\">Efectos del abandono de las pol\u00edticas p\u00fablicas de vivienda en barrios populares y multiculturales<\/a><\/h2><p class=\"fusion-single-line-meta\"><span class=\"vcard\" style=\"display: none;\"><span class=\"fn\"><a href=\"https:\/\/comures.es\/eng\/author\/pleenhou\/\" title=\"Posts by Paola Leenhouts\" rel=\"author\">Paola Leenhouts<\/a><\/span><\/span><span class=\"updated\" style=\"display:none;\">2021-05-20T08:23:24+00:00<\/span><span>20 de May de 2021<\/span><span class=\"fusion-inline-sep\">|<\/span><\/p><div class=\"fusion-content-sep sep-none\" style=\"border-color:#e2e2e2;\"><\/div><div class=\"fusion-post-content-container\"><p>T\u00edtulo: Efectos del abandono de las pol\u00edticas p\u00fablicas de vivienda en barrios populares y multiculturales Autoras: Daniel SORANDO-ORTIN (Profesor Ayudante Doctor, GISMAT-Instituto TRANSOC UCM) &amp; Chabier GIMENO-MONTERDE (Profesor Ayudante Doctor, Universidad de Zaragoza) A\u00f1o: 2021 Resumen Los barrios perif\u00e9ricos del desarrollismo franquista atraviesan procesos de diversificaci\u00f3n y precarizaci\u00f3n similares, acogiendo hoy a una poblaci\u00f3n multicultural y con posiciones de clase populares. El estudio cuantitativo de los cambios sociodemogr\u00e1ficos en dos barrios de Zaragoza y Madrid es complementado, mediante una aproximaci\u00f3n  [...]<\/p><\/div><\/div><div class=\"fusion-meta-info\"><div class=\"fusion-alignleft\"><a class=\"fusion-read-more\" href=\"https:\/\/comures.es\/eng\/547-2\/\" aria-label=\"More on Efectos del abandono de las pol\u00edticas p\u00fablicas de vivienda en barrios populares y multiculturales\">Read More<\/a><\/div><\/div><\/div><div class=\"fusion-clearfix\"><\/div><\/div>\n<\/article>\n<article id=\"blog-1-post-544\" class=\"fusion-post-grid post-544 post type-post status-publish format-standard has-post-thumbnail hentry category-publicaciones tag-desigualdad tag-madrid tag-publicacion tag-vivienda tag-vulnerabilidad\">\n<div class=\"fusion-post-wrapper\" style=\"background-color:rgba(255,255,255,0);border:1px solid #f2f3f5;border-bottom-width:3px;\">\n\n\t\t\t<div class=\"fusion-flexslider flexslider fusion-flexslider-loading fusion-post-slideshow\" style=\"border-color:#f2f3f5;\">\n\t\t<ul class=\"slides\">\n\t\t\t\n\t\t\t\t\t\t\t\t\t\t\t\t\t\t<li>\n\n<div  class=\"fusion-image-wrapper\" aria-haspopup=\"true\">\n\t\n\t\n\t\t\n\t\t\t\t\t<img decoding=\"async\" width=\"490\" height=\"697\" src=\"https:\/\/comures.es\/wp-content\/uploads\/2021\/05\/Screen-Shot-2021-05-20-at-10.13.41.png\" class=\"attachment-full size-full wp-post-image\" alt=\"\" srcset=\"https:\/\/comures.es\/wp-content\/uploads\/2021\/05\/Screen-Shot-2021-05-20-at-10.13.41-200x284.png 200w, https:\/\/comures.es\/wp-content\/uploads\/2021\/05\/Screen-Shot-2021-05-20-at-10.13.41-400x569.png 400w, https:\/\/comures.es\/wp-content\/uploads\/2021\/05\/Screen-Shot-2021-05-20-at-10.13.41.png 490w\" sizes=\"(min-width: 2200px) 100vw, (min-width: 784px) 453px, (min-width: 712px) 680px, (min-width: 640px) 712px, \" \/>\n\t\n\n\t\t<div class=\"fusion-rollover\">\n\t<div class=\"fusion-rollover-content\">\n\n\t\t\t\t\t\t\t\t\t\t\t\t\t\t<a class=\"fusion-rollover-link\" href=\"https:\/\/comures.es\/eng\/vivienda-transformaciones-urbanas-y-desigualdad-socioespacial-en-las-grandes-ciudades-espanolas\/\">Vivienda, transformaciones urbanas y desigualdad socioespacial en las grandes ciudades espa\u00f1olas<\/a>\n\t\t\t\n\t\t\t\t\t\t\t\t\t\t\t\t\t\t\n\t\t\t\t\t\t\t\t\n\t\t\t\t\t\t\t\t\t\t\t\t\t<div class=\"fusion-rollover-sep\"><\/div>\n\t\t\t\t\n\t\t\t\t\t\t\t\t\t\t\t\t\t\t\t\t\t\t<a class=\"fusion-rollover-gallery\" href=\"https:\/\/comures.es\/wp-content\/uploads\/2021\/05\/Screen-Shot-2021-05-20-at-10.13.41.png\" data-id=\"544\" data-rel=\"iLightbox[gallery]\" data-title=\"Portada-art\u00edculo\" data-caption=\"\">\n\t\t\t\t\t\tGallery\t\t\t\t\t<\/a>\n\t\t\t\t\t\t\t\t\t\t\t\t\t\t\n\t\t\t\t\n\t\t\t\t\t\t\t\t\t\t\t\t<h4 class=\"fusion-rollover-title\">\n\t\t\t\t\t<a class=\"fusion-rollover-title-link\" href=\"https:\/\/comures.es\/eng\/vivienda-transformaciones-urbanas-y-desigualdad-socioespacial-en-las-grandes-ciudades-espanolas\/\">\n\t\t\t\t\t\tVivienda, transformaciones urbanas y desigualdad socioespacial en las grandes ciudades espa\u00f1olas\t\t\t\t\t<\/a>\n\t\t\t\t<\/h4>\n\t\t\t\n\t\t\t\t\t\t\t\t\t\t\t\t\t\t<div class=\"fusion-rollover-categories\"><a href=\"https:\/\/comures.es\/eng\/category\/publicaciones\/\" rel=\"tag\">Publications<\/a><\/div>\t\t\t\t\t\n\t\t\n\t\t\t\t<a class=\"fusion-link-wrapper\" href=\"https:\/\/comures.es\/eng\/vivienda-transformaciones-urbanas-y-desigualdad-socioespacial-en-las-grandes-ciudades-espanolas\/\" aria-label=\"Vivienda, transformaciones urbanas y desigualdad socioespacial en las grandes ciudades espa\u00f1olas\"><\/a>\n\t<\/div>\n<\/div>\n\n\t\n<\/div>\n<\/li>\n\t\t\t\n\t\t\t\n\t\t\t\t\t\t\t\t\t\t\t\t\t\t\t\t\t\t\t\t\t\t\t\t\t\t\t\t\t\t\t\t\t\t\t\t\t\t\t\t\t\t\t\t\t\t\t\t\t\t\t\t\t\t\t\t\t\t\t\t\t\t\t\t\t\t\t\t<\/ul>\n\t<\/div>\n\t<div class=\"fusion-post-content-wrapper\" style=\"padding:30px 25px 25px 25px;\"><div class=\"fusion-post-content post-content\"><h2 class=\"blog-shortcode-post-title entry-title\"><a href=\"https:\/\/comures.es\/eng\/vivienda-transformaciones-urbanas-y-desigualdad-socioespacial-en-las-grandes-ciudades-espanolas\/\">Vivienda, transformaciones urbanas y desigualdad socioespacial en las grandes ciudades espa\u00f1olas<\/a><\/h2><p class=\"fusion-single-line-meta\"><span class=\"vcard\" style=\"display: none;\"><span class=\"fn\"><a href=\"https:\/\/comures.es\/eng\/author\/pleenhou\/\" title=\"Posts by Paola Leenhouts\" rel=\"author\">Paola Leenhouts<\/a><\/span><\/span><span class=\"updated\" style=\"display:none;\">2021-06-09T08:23:38+00:00<\/span><span>20 de May de 2021<\/span><span class=\"fusion-inline-sep\">|<\/span><\/p><div class=\"fusion-content-sep sep-none\" style=\"border-color:#e2e2e2;\"><\/div><div class=\"fusion-post-content-container\"><p>T\u00edtulo: Vivienda, transformaciones urbanas y desigualdad socioespacial en las grandes ciudades espa\u00f1olas [Presentaci\u00f3n del monogr\u00e1fico] Autoras: Marta Dom\u00ednguez-P\u00e9rez (Facultad de Ciencias Pol\u00edticas y Sociolog\u00eda. Universidad Complutense de Madrid), Jes\u00fas Leal-Maldonado (Profesor sociolog\u00eda UCM- Fundaci\u00f3n ESNE) &amp; Margarita Bara\u00f1ano-Cid (Directora del Departamento de Sociolog\u00eda Aplicada, GRESCO, TRANSOC e Instituto de Investigaciones Feministas, (UCM)). A\u00f1o: 2021 Accede al art\u00edculo completo: DOM\u00cdNGUEZ-P\u00c9REZ, M., LEAL-MALDONADO, J., &amp; BARA\u00d1ANO-CID, M. (2021). Vivienda, transformaciones urbanas y desigualdad socioespacial en las grandes ciudades espa\u00f1olas. Ciudad Y Territorio  [...]<\/p><\/div><\/div><div class=\"fusion-meta-info\"><div class=\"fusion-alignleft\"><a class=\"fusion-read-more\" href=\"https:\/\/comures.es\/eng\/vivienda-transformaciones-urbanas-y-desigualdad-socioespacial-en-las-grandes-ciudades-espanolas\/\" aria-label=\"More on Vivienda, transformaciones urbanas y desigualdad socioespacial en las grandes ciudades espa\u00f1olas\">Read More<\/a><\/div><\/div><\/div><div class=\"fusion-clearfix\"><\/div><\/div>\n<\/article>\n<article id=\"blog-1-post-540\" class=\"fusion-post-grid post-540 post type-post status-publish format-standard has-post-thumbnail hentry category-publicaciones tag-barrionalismo tag-identidad tag-lugar tag-madrid tag-publicacion tag-vulnerabilidad\">\n<div class=\"fusion-post-wrapper\" style=\"background-color:rgba(255,255,255,0);border:1px solid #f2f3f5;border-bottom-width:3px;\">\n\n\t\t\t<div class=\"fusion-flexslider flexslider fusion-flexslider-loading fusion-post-slideshow\" style=\"border-color:#f2f3f5;\">\n\t\t<ul class=\"slides\">\n\t\t\t\n\t\t\t\t\t\t\t\t\t\t\t\t\t\t<li>\n\n<div  class=\"fusion-image-wrapper\" aria-haspopup=\"true\">\n\t\n\t\n\t\t\n\t\t\t\t\t<img decoding=\"async\" width=\"494\" height=\"682\" src=\"https:\/\/comures.es\/wp-content\/uploads\/2021\/05\/Screen-Shot-2021-05-19-at-16.47.05.png\" class=\"attachment-full size-full wp-post-image\" alt=\"\" srcset=\"https:\/\/comures.es\/wp-content\/uploads\/2021\/05\/Screen-Shot-2021-05-19-at-16.47.05-200x276.png 200w, https:\/\/comures.es\/wp-content\/uploads\/2021\/05\/Screen-Shot-2021-05-19-at-16.47.05-400x552.png 400w, https:\/\/comures.es\/wp-content\/uploads\/2021\/05\/Screen-Shot-2021-05-19-at-16.47.05.png 494w\" sizes=\"(min-width: 2200px) 100vw, (min-width: 784px) 453px, (min-width: 712px) 680px, (min-width: 640px) 712px, \" \/>\n\t\n\n\t\t<div class=\"fusion-rollover\">\n\t<div class=\"fusion-rollover-content\">\n\n\t\t\t\t\t\t\t\t\t\t\t\t\t\t<a class=\"fusion-rollover-link\" href=\"https:\/\/comures.es\/eng\/embajadores-lavapies-un-barrio-con-vulnerabilidad-o-gentrificado\/\">Embajadores\/Lavapi\u00e9s, \u00bfun barrio con vulnerabilidad o gentrificado?<\/a>\n\t\t\t\n\t\t\t\t\t\t\t\t\t\t\t\t\t\t\n\t\t\t\t\t\t\t\t\n\t\t\t\t\t\t\t\t\t\t\t\t\t<div class=\"fusion-rollover-sep\"><\/div>\n\t\t\t\t\n\t\t\t\t\t\t\t\t\t\t\t\t\t\t\t\t\t\t<a class=\"fusion-rollover-gallery\" href=\"https:\/\/comures.es\/wp-content\/uploads\/2021\/05\/Screen-Shot-2021-05-19-at-16.47.05.png\" data-id=\"540\" data-rel=\"iLightbox[gallery]\" data-title=\"Screen Shot 2021-05-19 at 16.47.05\" data-caption=\"\">\n\t\t\t\t\t\tGallery\t\t\t\t\t<\/a>\n\t\t\t\t\t\t\t\t\t\t\t\t\t\t\n\t\t\t\t\n\t\t\t\t\t\t\t\t\t\t\t\t<h4 class=\"fusion-rollover-title\">\n\t\t\t\t\t<a class=\"fusion-rollover-title-link\" href=\"https:\/\/comures.es\/eng\/embajadores-lavapies-un-barrio-con-vulnerabilidad-o-gentrificado\/\">\n\t\t\t\t\t\tEmbajadores\/Lavapi\u00e9s, \u00bfun barrio con vulnerabilidad o gentrificado?\t\t\t\t\t<\/a>\n\t\t\t\t<\/h4>\n\t\t\t\n\t\t\t\t\t\t\t\t\t\t\t\t\t\t<div class=\"fusion-rollover-categories\"><a href=\"https:\/\/comures.es\/eng\/category\/publicaciones\/\" rel=\"tag\">Publications<\/a><\/div>\t\t\t\t\t\n\t\t\n\t\t\t\t<a class=\"fusion-link-wrapper\" href=\"https:\/\/comures.es\/eng\/embajadores-lavapies-un-barrio-con-vulnerabilidad-o-gentrificado\/\" aria-label=\"Embajadores\/Lavapi\u00e9s, \u00bfun barrio con vulnerabilidad o gentrificado?\"><\/a>\n\t<\/div>\n<\/div>\n\n\t\n<\/div>\n<\/li>\n\t\t\t\n\t\t\t\n\t\t\t\t\t\t\t\t\t\t\t\t\t\t\t\t\t\t\t\t\t\t\t\t\t\t\t\t\t\t\t\t\t\t\t\t\t\t\t\t\t\t\t\t\t\t\t\t\t\t\t\t\t\t\t\t\t\t\t\t\t\t\t\t\t\t\t\t<\/ul>\n\t<\/div>\n\t<div class=\"fusion-post-content-wrapper\" style=\"padding:30px 25px 25px 25px;\"><div class=\"fusion-post-content post-content\"><h2 class=\"blog-shortcode-post-title entry-title\"><a href=\"https:\/\/comures.es\/eng\/embajadores-lavapies-un-barrio-con-vulnerabilidad-o-gentrificado\/\">Embajadores\/Lavapi\u00e9s, \u00bfun barrio con vulnerabilidad o gentrificado?<\/a><\/h2><p class=\"fusion-single-line-meta\"><span class=\"vcard\" style=\"display: none;\"><span class=\"fn\"><a href=\"https:\/\/comures.es\/eng\/author\/pleenhou\/\" title=\"Posts by Paola Leenhouts\" rel=\"author\">Paola Leenhouts<\/a><\/span><\/span><span class=\"updated\" style=\"display:none;\">2021-05-24T15:04:09+00:00<\/span><span>19 de May de 2021<\/span><span class=\"fusion-inline-sep\">|<\/span><\/p><div class=\"fusion-content-sep sep-none\" style=\"border-color:#e2e2e2;\"><\/div><div class=\"fusion-post-content-container\"><p>T\u00edtulo: Embajadores\/Lavapi\u00e9s, \u00bfun barrio con vulnerabilidad o gentrificado? Autoras: Margarita Bara\u00f1ano (Directora del Departamento de Sociolog\u00eda Aplicada, GRESCO, TRANSOCe Instituto de Investigaciones Feministas, Universidad Complutense de Madrid) y Pedro Uceda-Navas (Dpto de Sociolog\u00eda Aplicada. Universidad Complutense de Madrid. TRANSOC, GISMAT) A\u00f1o: 2021 Resumen: A diferencia del an\u00e1lisis de las transformaciones de Embajadores\/Lavapi\u00e9s centrado en la gentrificaci\u00f3n, este trabajo persigue evidenciar que dicho proceso coexiste en este espacio con otras din\u00e1micas urbanas, entre las que destaca la producci\u00f3n de distintas modalidades  [...]<\/p><\/div><\/div><div class=\"fusion-meta-info\"><div class=\"fusion-alignleft\"><a class=\"fusion-read-more\" href=\"https:\/\/comures.es\/eng\/embajadores-lavapies-un-barrio-con-vulnerabilidad-o-gentrificado\/\" aria-label=\"More on Embajadores\/Lavapi\u00e9s, \u00bfun barrio con vulnerabilidad o gentrificado?\">Read More<\/a><\/div><\/div><\/div><div class=\"fusion-clearfix\"><\/div><\/div>\n<\/article>\n<article id=\"blog-1-post-537\" class=\"fusion-post-grid post-537 post type-post status-publish format-standard has-post-thumbnail hentry category-publicaciones tag-barrionalismo tag-identidad tag-lugar tag-madrid tag-publicacion tag-vulnerabilidad\">\n<div class=\"fusion-post-wrapper\" style=\"background-color:rgba(255,255,255,0);border:1px solid #f2f3f5;border-bottom-width:3px;\">\n\n\t\t\t<div class=\"fusion-flexslider flexslider fusion-flexslider-loading fusion-post-slideshow\" style=\"border-color:#f2f3f5;\">\n\t\t<ul class=\"slides\">\n\t\t\t\n\t\t\t\t\t\t\t\t\t\t\t\t\t\t<li>\n\n<div  class=\"fusion-image-wrapper\" aria-haspopup=\"true\">\n\t\n\t\n\t\t\n\t\t\t\t\t<img decoding=\"async\" width=\"496\" height=\"699\" src=\"https:\/\/comures.es\/wp-content\/uploads\/2021\/05\/Screen-Shot-2021-05-19-at-16.35.20.png\" class=\"attachment-full size-full wp-post-image\" alt=\"\" srcset=\"https:\/\/comures.es\/wp-content\/uploads\/2021\/05\/Screen-Shot-2021-05-19-at-16.35.20-200x282.png 200w, https:\/\/comures.es\/wp-content\/uploads\/2021\/05\/Screen-Shot-2021-05-19-at-16.35.20-400x564.png 400w, https:\/\/comures.es\/wp-content\/uploads\/2021\/05\/Screen-Shot-2021-05-19-at-16.35.20.png 496w\" sizes=\"(min-width: 2200px) 100vw, (min-width: 784px) 453px, (min-width: 712px) 680px, (min-width: 640px) 712px, \" \/>\n\t\n\n\t\t<div class=\"fusion-rollover\">\n\t<div class=\"fusion-rollover-content\">\n\n\t\t\t\t\t\t\t\t\t\t\t\t\t\t<a class=\"fusion-rollover-link\" href=\"https:\/\/comures.es\/eng\/territorio-lugar-e-identidad-en-los-barrios-vulnerables-el-barrionalismo-como-practica-politica\/\">Territorio, lugar e identidad en los barrios vulnerables. El Barrionalismo como pr\u00e1ctica pol\u00edtica.<\/a>\n\t\t\t\n\t\t\t\t\t\t\t\t\t\t\t\t\t\t\n\t\t\t\t\t\t\t\t\n\t\t\t\t\t\t\t\t\t\t\t\t\t<div class=\"fusion-rollover-sep\"><\/div>\n\t\t\t\t\n\t\t\t\t\t\t\t\t\t\t\t\t\t\t\t\t\t\t<a class=\"fusion-rollover-gallery\" href=\"https:\/\/comures.es\/wp-content\/uploads\/2021\/05\/Screen-Shot-2021-05-19-at-16.35.20.png\" data-id=\"537\" data-rel=\"iLightbox[gallery]\" data-title=\"Screen Shot 2021-05-19 at 16.35.20\" data-caption=\"\">\n\t\t\t\t\t\tGallery\t\t\t\t\t<\/a>\n\t\t\t\t\t\t\t\t\t\t\t\t\t\t\n\t\t\t\t\n\t\t\t\t\t\t\t\t\t\t\t\t<h4 class=\"fusion-rollover-title\">\n\t\t\t\t\t<a class=\"fusion-rollover-title-link\" href=\"https:\/\/comures.es\/eng\/territorio-lugar-e-identidad-en-los-barrios-vulnerables-el-barrionalismo-como-practica-politica\/\">\n\t\t\t\t\t\tTerritorio, lugar e identidad en los barrios vulnerables. El Barrionalismo como pr\u00e1ctica pol\u00edtica.\t\t\t\t\t<\/a>\n\t\t\t\t<\/h4>\n\t\t\t\n\t\t\t\t\t\t\t\t\t\t\t\t\t\t<div class=\"fusion-rollover-categories\"><a href=\"https:\/\/comures.es\/eng\/category\/publicaciones\/\" rel=\"tag\">Publications<\/a><\/div>\t\t\t\t\t\n\t\t\n\t\t\t\t<a class=\"fusion-link-wrapper\" href=\"https:\/\/comures.es\/eng\/territorio-lugar-e-identidad-en-los-barrios-vulnerables-el-barrionalismo-como-practica-politica\/\" aria-label=\"Territorio, lugar e identidad en los barrios vulnerables. El Barrionalismo como pr\u00e1ctica pol\u00edtica.\"><\/a>\n\t<\/div>\n<\/div>\n\n\t\n<\/div>\n<\/li>\n\t\t\t\n\t\t\t\n\t\t\t\t\t\t\t\t\t\t\t\t\t\t\t\t\t\t\t\t\t\t\t\t\t\t\t\t\t\t\t\t\t\t\t\t\t\t\t\t\t\t\t\t\t\t\t\t\t\t\t\t\t\t\t\t\t\t\t\t\t\t\t\t\t\t\t\t<\/ul>\n\t<\/div>\n\t<div class=\"fusion-post-content-wrapper\" style=\"padding:30px 25px 25px 25px;\"><div class=\"fusion-post-content post-content\"><h2 class=\"blog-shortcode-post-title entry-title\"><a href=\"https:\/\/comures.es\/eng\/territorio-lugar-e-identidad-en-los-barrios-vulnerables-el-barrionalismo-como-practica-politica\/\">Territorio, lugar e identidad en los barrios vulnerables. El Barrionalismo como pr\u00e1ctica pol\u00edtica.<\/a><\/h2><p class=\"fusion-single-line-meta\"><span class=\"vcard\" style=\"display: none;\"><span class=\"fn\"><a href=\"https:\/\/comures.es\/eng\/author\/pleenhou\/\" title=\"Posts by Paola Leenhouts\" rel=\"author\">Paola Leenhouts<\/a><\/span><\/span><span class=\"updated\" style=\"display:none;\">2021-05-19T14:37:59+00:00<\/span><span>19 de May de 2021<\/span><span class=\"fusion-inline-sep\">|<\/span><\/p><div class=\"fusion-content-sep sep-none\" style=\"border-color:#e2e2e2;\"><\/div><div class=\"fusion-post-content-container\"><p>T\u00edtulo: Territorio, lugar e identidad en los barrios vulnerables. El\u00a0Barrionalismo como pr\u00e1ctica pol\u00edtica. Autoras: Sara Porras (Profesora de la Universidad Complutense de Madrid) y Francesca Donati (Investigadora de la Universidad Pablo de Olavide) A\u00f1o: 2021 Resumen: En el art\u00edculo se aborda el estudio de los conflictos urbanos desde la perspectiva del barrio como espacio depositario de sentidos compartidos. Analizando cualitativamente los espacios desde su triple dimensi\u00f3n, material, simb\u00f3lica e imaginaria. En concreto desarrollando la importancia del sentimiento de identidad como  [...]<\/p><\/div><\/div><div class=\"fusion-meta-info\"><div class=\"fusion-alignleft\"><a class=\"fusion-read-more\" href=\"https:\/\/comures.es\/eng\/territorio-lugar-e-identidad-en-los-barrios-vulnerables-el-barrionalismo-como-practica-politica\/\" aria-label=\"More on Territorio, lugar e identidad en los barrios vulnerables. El Barrionalismo como pr\u00e1ctica pol\u00edtica.\">Read More<\/a><\/div><\/div><\/div><div class=\"fusion-clearfix\"><\/div><\/div>\n<\/article>\n<article id=\"blog-1-post-492\" class=\"fusion-post-grid post-492 post type-post status-publish format-standard has-post-thumbnail hentry category-publicaciones tag-desigualdad tag-madrid tag-publicacion tag-vulnerabilidad\">\n<div class=\"fusion-post-wrapper\" style=\"background-color:rgba(255,255,255,0);border:1px solid #f2f3f5;border-bottom-width:3px;\">\n\n\t\t\t<div class=\"fusion-flexslider flexslider fusion-flexslider-loading fusion-post-slideshow\" style=\"border-color:#f2f3f5;\">\n\t\t<ul class=\"slides\">\n\t\t\t\n\t\t\t\t\t\t\t\t\t\t\t\t\t\t<li>\n\n<div  class=\"fusion-image-wrapper\" aria-haspopup=\"true\">\n\t\n\t\n\t\t\n\t\t\t\t\t<img decoding=\"async\" width=\"475\" height=\"672\" src=\"https:\/\/comures.es\/wp-content\/uploads\/2021\/04\/Screen-Shot-2021-04-09-at-11.58.35.png\" class=\"attachment-full size-full wp-post-image\" alt=\"\" srcset=\"https:\/\/comures.es\/wp-content\/uploads\/2021\/04\/Screen-Shot-2021-04-09-at-11.58.35-200x283.png 200w, https:\/\/comures.es\/wp-content\/uploads\/2021\/04\/Screen-Shot-2021-04-09-at-11.58.35-400x566.png 400w, https:\/\/comures.es\/wp-content\/uploads\/2021\/04\/Screen-Shot-2021-04-09-at-11.58.35.png 475w\" sizes=\"(min-width: 2200px) 100vw, (min-width: 784px) 453px, (min-width: 712px) 680px, (min-width: 640px) 712px, \" \/>\n\t\n\n\t\t<div class=\"fusion-rollover\">\n\t<div class=\"fusion-rollover-content\">\n\n\t\t\t\t\t\t\t\t\t\t\t\t\t\t<a class=\"fusion-rollover-link\" href=\"https:\/\/comures.es\/eng\/publicacion-los-cambios-de-la-vulnerabilidad-socio-residencial-en-madrid-2001-2011-por-marta-dominguez-perez-daniel-sorando-martin-y-pedro-uceda-navas-2020\/\">Los Cambios de la Vulnerabilidad Socio-Residencial en Madrid (2001-2011)<\/a>\n\t\t\t\n\t\t\t\t\t\t\t\t\t\t\t\t\t\t\n\t\t\t\t\t\t\t\t\n\t\t\t\t\t\t\t\t\t\t\t\t\t<div class=\"fusion-rollover-sep\"><\/div>\n\t\t\t\t\n\t\t\t\t\t\t\t\t\t\t\t\t\t\t\t\t\t\t<a class=\"fusion-rollover-gallery\" href=\"https:\/\/comures.es\/wp-content\/uploads\/2021\/04\/Screen-Shot-2021-04-09-at-11.58.35.png\" data-id=\"492\" data-rel=\"iLightbox[gallery]\" data-title=\"Screen Shot 2021-04-09 at 11.58.35\" data-caption=\"\">\n\t\t\t\t\t\tGallery\t\t\t\t\t<\/a>\n\t\t\t\t\t\t\t\t\t\t\t\t\t\t\n\t\t\t\t\n\t\t\t\t\t\t\t\t\t\t\t\t<h4 class=\"fusion-rollover-title\">\n\t\t\t\t\t<a class=\"fusion-rollover-title-link\" href=\"https:\/\/comures.es\/eng\/publicacion-los-cambios-de-la-vulnerabilidad-socio-residencial-en-madrid-2001-2011-por-marta-dominguez-perez-daniel-sorando-martin-y-pedro-uceda-navas-2020\/\">\n\t\t\t\t\t\tLos Cambios de la Vulnerabilidad Socio-Residencial en Madrid (2001-2011)\t\t\t\t\t<\/a>\n\t\t\t\t<\/h4>\n\t\t\t\n\t\t\t\t\t\t\t\t\t\t\t\t\t\t<div class=\"fusion-rollover-categories\"><a href=\"https:\/\/comures.es\/eng\/category\/publicaciones\/\" rel=\"tag\">Publications<\/a><\/div>\t\t\t\t\t\n\t\t\n\t\t\t\t<a class=\"fusion-link-wrapper\" href=\"https:\/\/comures.es\/eng\/publicacion-los-cambios-de-la-vulnerabilidad-socio-residencial-en-madrid-2001-2011-por-marta-dominguez-perez-daniel-sorando-martin-y-pedro-uceda-navas-2020\/\" aria-label=\"Los Cambios de la Vulnerabilidad Socio-Residencial en Madrid (2001-2011)\"><\/a>\n\t<\/div>\n<\/div>\n\n\t\n<\/div>\n<\/li>\n\t\t\t\n\t\t\t\n\t\t\t\t\t\t\t\t\t\t\t\t\t\t\t\t\t\t\t\t\t\t\t\t\t\t\t\t\t\t\t\t\t\t\t\t\t\t\t\t\t\t\t\t\t\t\t\t\t\t\t\t\t\t\t\t\t\t\t\t\t\t\t\t\t\t\t\t<\/ul>\n\t<\/div>\n\t<div class=\"fusion-post-content-wrapper\" style=\"padding:30px 25px 25px 25px;\"><div class=\"fusion-post-content post-content\"><h2 class=\"blog-shortcode-post-title entry-title\"><a href=\"https:\/\/comures.es\/eng\/publicacion-los-cambios-de-la-vulnerabilidad-socio-residencial-en-madrid-2001-2011-por-marta-dominguez-perez-daniel-sorando-martin-y-pedro-uceda-navas-2020\/\">Los Cambios de la Vulnerabilidad Socio-Residencial en Madrid (2001-2011)<\/a><\/h2><p class=\"fusion-single-line-meta\"><span class=\"vcard\" style=\"display: none;\"><span class=\"fn\"><a href=\"https:\/\/comures.es\/eng\/author\/pleenhou\/\" title=\"Posts by Paola Leenhouts\" rel=\"author\">Paola Leenhouts<\/a><\/span><\/span><span class=\"updated\" style=\"display:none;\">2021-04-09T10:57:26+00:00<\/span><span>8 de April de 2021<\/span><span class=\"fusion-inline-sep\">|<\/span><\/p><div class=\"fusion-content-sep sep-none\" style=\"border-color:#e2e2e2;\"><\/div><div class=\"fusion-post-content-container\"><p>T\u00edtulo: Los Cambios de la Vulnerabilidad Socio-Residencial en Madrid (2001-2011) Autores: Marta Dom\u00ednguez P\u00e9rez, Daniel Sorando Mart\u00edn y Pedro Uceda Navas. (TRANSOC, Universidad Complutense de Madrid) A\u00f1o: 2020 Resumen: Esta investigaci\u00f3n aporta una visi\u00f3n multidimensional de las transformaciones de la vulnerabilidad en la Comunidad de Madrid, con base en el debate te\u00f3rico sobre la segregaci\u00f3n y la vulnerabilidad, as\u00ed como en el an\u00e1lisis multivariable a partir de los datos de los Censos de Poblaci\u00f3n y Vivienda de 2001 y 2011.  [...]<\/p><\/div><\/div><div class=\"fusion-meta-info\"><div class=\"fusion-alignleft\"><a class=\"fusion-read-more\" href=\"https:\/\/comures.es\/eng\/publicacion-los-cambios-de-la-vulnerabilidad-socio-residencial-en-madrid-2001-2011-por-marta-dominguez-perez-daniel-sorando-martin-y-pedro-uceda-navas-2020\/\" aria-label=\"More on Los Cambios de la Vulnerabilidad Socio-Residencial en Madrid (2001-2011)\">Read More<\/a><\/div><\/div><\/div><div class=\"fusion-clearfix\"><\/div><\/div>\n<\/article>\n<article id=\"blog-1-post-508\" class=\"fusion-post-grid post-508 post type-post status-publish format-standard has-post-thumbnail hentry category-publicaciones tag-envejecimiento tag-madrid tag-publicacion\">\n<div class=\"fusion-post-wrapper\" style=\"background-color:rgba(255,255,255,0);border:1px solid #f2f3f5;border-bottom-width:3px;\">\n\n\t\t\t<div class=\"fusion-flexslider flexslider fusion-flexslider-loading fusion-post-slideshow\" style=\"border-color:#f2f3f5;\">\n\t\t<ul class=\"slides\">\n\t\t\t\n\t\t\t\t\t\t\t\t\t\t\t\t\t\t<li>\n\n<div  class=\"fusion-image-wrapper\" aria-haspopup=\"true\">\n\t\n\t\n\t\t\n\t\t\t\t\t<img decoding=\"async\" width=\"574\" height=\"802\" src=\"https:\/\/comures.es\/wp-content\/uploads\/2021\/04\/Screen-Shot-2021-04-09-at-13.58.15.png\" class=\"attachment-full size-full wp-post-image\" alt=\"\" srcset=\"https:\/\/comures.es\/wp-content\/uploads\/2021\/04\/Screen-Shot-2021-04-09-at-13.58.15-200x279.png 200w, https:\/\/comures.es\/wp-content\/uploads\/2021\/04\/Screen-Shot-2021-04-09-at-13.58.15-400x559.png 400w, https:\/\/comures.es\/wp-content\/uploads\/2021\/04\/Screen-Shot-2021-04-09-at-13.58.15.png 574w\" sizes=\"(min-width: 2200px) 100vw, (min-width: 784px) 453px, (min-width: 712px) 680px, (min-width: 640px) 712px, \" \/>\n\t\n\n\t\t<div class=\"fusion-rollover\">\n\t<div class=\"fusion-rollover-content\">\n\n\t\t\t\t\t\t\t\t\t\t\t\t\t\t<a class=\"fusion-rollover-link\" href=\"https:\/\/comures.es\/eng\/desplazamientos-identitarios-en-tres-barrios-madrilenos-de-promocion-oficial-entre-la-postradicionalizacion-y-el-envejecimiento\/\">Desplazamientos Identitarios en Tres \u00abBarrios\u00bb Madrile\u00f1os de Promoci\u00f3n Oficial. Entre la Postradicionalizaci\u00f3n y el Envejecimiento.<\/a>\n\t\t\t\n\t\t\t\t\t\t\t\t\t\t\t\t\t\t\n\t\t\t\t\t\t\t\t\n\t\t\t\t\t\t\t\t\t\t\t\t\t<div class=\"fusion-rollover-sep\"><\/div>\n\t\t\t\t\n\t\t\t\t\t\t\t\t\t\t\t\t\t\t\t\t\t\t<a class=\"fusion-rollover-gallery\" href=\"https:\/\/comures.es\/wp-content\/uploads\/2021\/04\/Screen-Shot-2021-04-09-at-13.58.15.png\" data-id=\"508\" data-rel=\"iLightbox[gallery]\" data-title=\"\" data-caption=\"\">\n\t\t\t\t\t\tGallery\t\t\t\t\t<\/a>\n\t\t\t\t\t\t\t\t\t\t\t\t\t\t\n\t\t\t\t\n\t\t\t\t\t\t\t\t\t\t\t\t<h4 class=\"fusion-rollover-title\">\n\t\t\t\t\t<a class=\"fusion-rollover-title-link\" href=\"https:\/\/comures.es\/eng\/desplazamientos-identitarios-en-tres-barrios-madrilenos-de-promocion-oficial-entre-la-postradicionalizacion-y-el-envejecimiento\/\">\n\t\t\t\t\t\tDesplazamientos Identitarios en Tres \u00abBarrios\u00bb Madrile\u00f1os de Promoci\u00f3n Oficial. Entre la Postradicionalizaci\u00f3n y el Envejecimiento.\t\t\t\t\t<\/a>\n\t\t\t\t<\/h4>\n\t\t\t\n\t\t\t\t\t\t\t\t\t\t\t\t\t\t<div class=\"fusion-rollover-categories\"><a href=\"https:\/\/comures.es\/eng\/category\/publicaciones\/\" rel=\"tag\">Publications<\/a><\/div>\t\t\t\t\t\n\t\t\n\t\t\t\t<a class=\"fusion-link-wrapper\" href=\"https:\/\/comures.es\/eng\/desplazamientos-identitarios-en-tres-barrios-madrilenos-de-promocion-oficial-entre-la-postradicionalizacion-y-el-envejecimiento\/\" aria-label=\"Desplazamientos Identitarios en Tres \u00abBarrios\u00bb Madrile\u00f1os de Promoci\u00f3n Oficial. Entre la Postradicionalizaci\u00f3n y el Envejecimiento.\"><\/a>\n\t<\/div>\n<\/div>\n\n\t\n<\/div>\n<\/li>\n\t\t\t\n\t\t\t\n\t\t\t\t\t\t\t\t\t\t\t\t\t\t\t\t\t\t\t\t\t\t\t\t\t\t\t\t\t\t\t\t\t\t\t\t\t\t\t\t\t\t\t\t\t\t\t\t\t\t\t\t\t\t\t\t\t\t\t\t\t\t\t\t\t\t\t\t<\/ul>\n\t<\/div>\n\t<div class=\"fusion-post-content-wrapper\" style=\"padding:30px 25px 25px 25px;\"><div class=\"fusion-post-content post-content\"><h2 class=\"blog-shortcode-post-title entry-title\"><a href=\"https:\/\/comures.es\/eng\/desplazamientos-identitarios-en-tres-barrios-madrilenos-de-promocion-oficial-entre-la-postradicionalizacion-y-el-envejecimiento\/\">Desplazamientos Identitarios en Tres \u00abBarrios\u00bb Madrile\u00f1os de Promoci\u00f3n Oficial. Entre la Postradicionalizaci\u00f3n y el Envejecimiento.<\/a><\/h2><p class=\"fusion-single-line-meta\"><span class=\"vcard\" style=\"display: none;\"><span class=\"fn\"><a href=\"https:\/\/comures.es\/eng\/author\/pleenhou\/\" title=\"Posts by Paola Leenhouts\" rel=\"author\">Paola Leenhouts<\/a><\/span><\/span><span class=\"updated\" style=\"display:none;\">2021-04-09T12:05:10+00:00<\/span><span>1 de April de 2021<\/span><span class=\"fusion-inline-sep\">|<\/span><\/p><div class=\"fusion-content-sep sep-none\" style=\"border-color:#e2e2e2;\"><\/div><div class=\"fusion-post-content-container\"><p>T\u00edtulo: Desplazamientos Identitarios en Tres \"Barrios\" Madrile\u00f1os de Promoci\u00f3n Oficial. Entre la Postradicionalizaci\u00f3n y el Envejecimiento. Autores: Margarita Bara\u00f1ano Cid y\u00a0Marta Dom\u00ednguez P\u00e9rez (PROVISO, VUPACI, Universidad Complutense de Madrid) A\u00f1o: 2018 Resumen: Este art\u00edculo analiza los desplazamientos identitarios en tres barrios, La Colonia de Tercio y Terol (TYT), El Poblado Dirigido de Fuencarral (PDF) y Palomeras Sureste (PAL). Todos ellos han registrado una mudanza importante en su identidad, cuya comprensi\u00f3n se apoya en las nociones de postradicionalizaci\u00f3n de Giddens (1993a,  [...]<\/p><\/div><\/div><div class=\"fusion-meta-info\"><div class=\"fusion-alignleft\"><a class=\"fusion-read-more\" href=\"https:\/\/comures.es\/eng\/desplazamientos-identitarios-en-tres-barrios-madrilenos-de-promocion-oficial-entre-la-postradicionalizacion-y-el-envejecimiento\/\" aria-label=\"More on Desplazamientos Identitarios en Tres \u00abBarrios\u00bb Madrile\u00f1os de Promoci\u00f3n Oficial. Entre la Postradicionalizaci\u00f3n y el Envejecimiento.\">Read More<\/a><\/div><\/div><\/div><div class=\"fusion-clearfix\"><\/div><\/div>\n<\/article>\n<div class=\"fusion-clearfix\"><\/div><\/div><\/div><\/div><\/div><style type=\"text\/css\">.fusion-body .fusion-builder-column-1{width:100% !important;margin-top : 0px;margin-bottom : 0px;}.fusion-builder-column-1 > .fusion-column-wrapper {padding-top : 0px !important;padding-right : 0px !important;margin-right : 1.92%;padding-bottom : 0px !important;padding-left : 0px !important;margin-left : 1.92%;}@media only screen and (max-width:1024px) {.fusion-body .fusion-builder-column-1{width:100% !important;order : 0;}.fusion-builder-column-1 > .fusion-column-wrapper {margin-right : 1.92%;margin-left : 1.92%;}}@media only screen and (max-width:640px) {.fusion-body .fusion-builder-column-1{width:100% !important;order : 0;}.fusion-builder-column-1 > .fusion-column-wrapper {margin-right : 1.92%;margin-left : 1.92%;}}<\/style><\/div><style type=\"text\/css\">.fusion-body .fusion-flex-container.fusion-builder-row-2{ padding-top : 0px;margin-top : 0px;padding-right : 0px;padding-bottom : 0px;margin-bottom : 0px;padding-left : 0px;}<\/style><\/div><\/p>","protected":false},"excerpt":{"rendered":"","protected":false},"author":1,"featured_media":0,"parent":0,"menu_order":0,"comment_status":"closed","ping_status":"closed","template":"100-width.php","meta":{"footnotes":""},"aioseo_notices":[],"_links":{"self":[{"href":"https:\/\/comures.es\/eng\/wp-json\/wp\/v2\/pages\/12"}],"collection":[{"href":"https:\/\/comures.es\/eng\/wp-json\/wp\/v2\/pages"}],"about":[{"href":"https:\/\/comures.es\/eng\/wp-json\/wp\/v2\/types\/page"}],"author":[{"embeddable":true,"href":"https:\/\/comures.es\/eng\/wp-json\/wp\/v2\/users\/1"}],"replies":[{"embeddable":true,"href":"https:\/\/comures.es\/eng\/wp-json\/wp\/v2\/comments?post=12"}],"version-history":[{"count":11,"href":"https:\/\/comures.es\/eng\/wp-json\/wp\/v2\/pages\/12\/revisions"}],"predecessor-version":[{"id":1093,"href":"https:\/\/comures.es\/eng\/wp-json\/wp\/v2\/pages\/12\/revisions\/1093"}],"wp:attachment":[{"href":"https:\/\/comures.es\/eng\/wp-json\/wp\/v2\/media?parent=12"}],"curies":[{"name":"wp","href":"https:\/\/api.w.org\/{rel}","templated":true}]}}